{"id":8647,"date":"2026-03-04T15:40:18","date_gmt":"2026-03-04T13:40:18","guid":{"rendered":"https:\/\/blogbjc.bjc.ro\/?post_type=tribe_events&#038;p=8647"},"modified":"2026-03-05T10:39:37","modified_gmt":"2026-03-05T08:39:37","slug":"club-de-invatare-a-limbii-portugheze-pentru-adulti-falamos-portugues-vorbim-portugheza","status":"publish","type":"tribe_events","link":"https:\/\/blogbjc.bjc.ro\/?tribe_events=club-de-invatare-a-limbii-portugheze-pentru-adulti-falamos-portugues-vorbim-portugheza","title":{"rendered":"Club de \u00eenv\u0103\u021bare a limbii portugheze pentru adul\u021bi \u201eFalamos portugu\u00eas\u201d (\u201eVorbim portughez\u0103\u201d)"},"content":{"rendered":"<p>Sec\u021bia de \u00eemprumut pentru adul\u021bi \u0219i art\u0103 a Bibliotecii Jude\u021bene \u201eOctavian Goga\u201d Cluj v\u0103 invit\u0103 la \u00eent\u00e2lnirile s\u0103pt\u0103m\u00e2nale ale Clubului de \u00eenv\u0103\u021bare a limbii portugheze pentru adul\u021bi <em>Falamos portugu<\/em><em>\u00ea<\/em><em>s (Vorbim portughez\u0103)<\/em>.<\/p>\n<p>Programul se adreseaz\u0103 adul\u021bilor de toate v\u00e2rstele din jude\u021bul Cluj, utilizatori ai bibliotecii, care doresc s\u0103 beneficieze de efectele \u00eenv\u0103\u021b\u0103rii unei noi limbi str\u0103ine, deja demonstrate de cercet\u0103ri din \u00eentreaga lume (\u00eembun\u0103t\u0103\u021birea memoriei, a concentr\u0103rii, a capacit\u0103\u021bii de sintez\u0103, a creativit\u0103\u021bii \u0219i g\u00e2ndirii divergente).<\/p>\n<p>Un astfel de program, \u00eembin\u00e2nd o component\u0103 important\u0103 de descoperire lingvistic\u0103 \u015fi cultural\u0103, poate fi util \u00een dezvoltarea fiec\u0103rui participant.<\/p>\n<p>V\u0103 a\u0219tept\u0103m al\u0103turi de noi, s\u0103 descoperim \u00eempreun\u0103 limba lui Cam\u00f5es \u0219i a muzicii <em>fado<\/em>, o muzic\u0103 emo\u021bionant\u0103, expresie a sufletului portughez.<\/p>\n<p>Programul se desf\u0103\u0219oar\u0103 cu sprijinul Centrului de Limb\u0103 Portughez\u0103 Cam\u00f5es, Facultatea de Litere, Universitatea \u201eBabe\u0219-Bolyai\u201d Cluj-Napoca.<\/p>\n<p>\u00cent\u00e2lnirile vor avea loc \u00een fiecare luni (mai pu\u021bin in zilele libere oficial), \u00een perioada 16 martie \u2013 25 mai, de la ora 18:00, la Sala de lectur\u0103, etajul 2, vest.<\/p>\n<p>Durat\u0103: 90 de minute<\/p>\n<p>\u00censcrieri: la telefon 0264 430434 (Sec\u021bia de \u00eemprumut pentru adul\u021bi \u0219i art\u0103) sau folosind <a href=\"https:\/\/forms.gle\/3WygMH3D7pMQ1zAq6\">formularul online,\u00a0<\/a>p\u00e2n\u0103 \u00een 12 martie, \u00een limita locurilor disponibile.<\/p>\n<p>Participarea este gratuit\u0103, pe baza Permisului de intrare la bibliotec\u0103.<\/p>\n","protected":false},"excerpt":{"rendered":"<p>Sec\u021bia de \u00eemprumut pentru adul\u021bi \u0219i art\u0103 a Bibliotecii Jude\u021bene \u201eOctavian Goga\u201d Cluj v\u0103 invit\u0103 la \u00eent\u00e2lnirile s\u0103pt\u0103m\u00e2nale ale Clubului de \u00eenv\u0103\u021bare a limbii portugheze pentru adul\u021bi Falamos portugu\u00eas (Vorbim &hellip; <\/p>\n<div class=\"link-more\"><a href=\"https:\/\/blogbjc.bjc.ro\/?tribe_events=club-de-invatare-a-limbii-portugheze-pentru-adulti-falamos-portugues-vorbim-portugheza\" class=\"more-link\">Read More<span class=\"screen-reader-text\"> &#8222;Club de \u00eenv\u0103\u021bare a limbii portugheze pentru adul\u021bi \u201eFalamos portugu\u00eas\u201d (\u201eVorbim portughez\u0103\u201d)&#8221;<\/span><\/a><\/div>\n","protected":false},"author":2,"featured_media":8648,"template":"","meta":{"_tribe_events_status":"","_tribe_events_status_reason":"","footnotes":""},"tags":[630],"tribe_events_cat":[629],"class_list":["post-8647","tribe_events","type-tribe_events","status-publish","has-post-thumbnail","hentry","tag-portugheza","tribe_events_cat-club-de-invatare-limbi-straine","cat_club-de-invatare-limbi-straine"],"_links":{"self":[{"href":"https:\/\/blogbjc.bjc.ro\/index.php?rest_route=\/wp\/v2\/tribe_events\/8647","targetHints":{"allow":["GET"]}}],"collection":[{"href":"https:\/\/blogbjc.bjc.ro\/index.php?rest_route=\/wp\/v2\/tribe_events"}],"about":[{"href":"https:\/\/blogbjc.bjc.ro\/index.php?rest_route=\/wp\/v2\/types\/tribe_events"}],"author":[{"embeddable":true,"href":"https:\/\/blogbjc.bjc.ro\/index.php?rest_route=\/wp\/v2\/users\/2"}],"version-history":[{"count":2,"href":"https:\/\/blogbjc.bjc.ro\/index.php?rest_route=\/wp\/v2\/tribe_events\/8647\/revisions"}],"predecessor-version":[{"id":8654,"href":"https:\/\/blogbjc.bjc.ro\/index.php?rest_route=\/wp\/v2\/tribe_events\/8647\/revisions\/8654"}],"wp:featuredmedia":[{"embeddable":true,"href":"https:\/\/blogbjc.bjc.ro\/index.php?rest_route=\/wp\/v2\/media\/8648"}],"wp:attachment":[{"href":"https:\/\/blogbjc.bjc.ro\/index.php?rest_route=%2Fwp%2Fv2%2Fmedia&parent=8647"}],"wp:term":[{"taxonomy":"post_tag","embeddable":true,"href":"https:\/\/blogbjc.bjc.ro\/index.php?rest_route=%2Fwp%2Fv2%2Ftags&post=8647"},{"taxonomy":"tribe_events_cat","embeddable":true,"href":"https:\/\/blogbjc.bjc.ro\/index.php?rest_route=%2Fwp%2Fv2%2Ftribe_events_cat&post=8647"}],"curies":[{"name":"wp","href":"https:\/\/api.w.org\/{rel}","templated":true}]}}