{"id":8658,"date":"2026-03-06T10:19:28","date_gmt":"2026-03-06T08:19:28","guid":{"rendered":"https:\/\/blogbjc.bjc.ro\/?post_type=tribe_events&#038;p=8658"},"modified":"2026-03-06T10:19:28","modified_gmt":"2026-03-06T08:19:28","slug":"batalia-cartilor-club-de-lectura-destinat-adultilor-sectiunea-in-limba-maghiara-3","status":"publish","type":"tribe_events","link":"https:\/\/blogbjc.bjc.ro\/?tribe_events=batalia-cartilor-club-de-lectura-destinat-adultilor-sectiunea-in-limba-maghiara-3","title":{"rendered":"\u201eB\u0103t\u0103lia C\u0103r\u021bilor\u201d &#8211; Club de lectur\u0103 destinat adul\u021bilor, sec\u021biunea \u00een limba maghiar\u0103"},"content":{"rendered":"<p lang=\"hu-HU\" align=\"justify\"><span style=\"color: #000000;\"><span style=\"font-size: medium;\">\u00dajraindul k\u00f6nyvbar\u00e1toknak a \u201eK\u00f6nyvek Viadala\u201d feln\u0151tteknek sz\u00f3l\u00f3 olvas\u00f3klub magyar nyelven!<\/span><\/span><\/p>\n<p align=\"justify\"><span style=\"color: #000000;\"><span style=\"font-size: medium;\"><span lang=\"hu-HU\">Id\u00e9n az els\u0151 tal\u00e1lkoz\u00e1sra 2026. m\u00e1rcius 25-\u00e9n, szerd\u00e1n ker\u00fcl sor 14.00 \u00f3r\u00e1t\u00f3l. Ahhoz, hogy az elolvas\u00e1sra aj\u00e1nlott m\u0171vekkel kapcsolatos olvasm\u00e1ny\u00e9lm\u00e9nyeket egym\u00e1ssal megoszthass\u00e1k \u00e9s azokat \u00e9rdemben k\u00f6z\u00f6sen \u00e1tbesz\u00e9lhess\u00e9k, a r\u00e9sztvev\u0151knek a tal\u00e1lkoz\u00f3ig legal\u00e1bb egyet el kell olvasniuk a k\u00f6vetkez\u0151 k\u00e9t k\u00f6nyv k\u00f6z\u00fcl: Kiss Tibor No\u00e9: Olvad\u00e1s \u00e9s Juli Zeh: \u00daj\u00e9v. <\/span><\/span><\/span><\/p>\n<p align=\"justify\"><span style=\"color: #000000;\"><span style=\"font-size: medium;\">A k\u00f6nyvek a Multikultur\u00e1lis r\u00e9szlegr\u0151l k\u00f6lcs\u00f6n\u00f6zhet\u0151k ki, a K\u00f6nyvt\u00e1r nyugati sz\u00e1rny\u00e1nak 3. emelet\u00e9n. <\/span><\/span><\/p>\n<p align=\"justify\"><span style=\"color: #000000;\"><span style=\"font-size: medium;\"><span lang=\"hu-HU\">Az olvas\u00f3klub, az idei k\u00f6nyvlist\u00e1n szerepl\u0151 10 m\u0171 elolvas\u00e1sa, valamint a havi rendszeress\u00e9g\u0171 \u00f6sszej\u00f6vetelek ir\u00e1nt \u00e9rdekl\u0151d\u0151k az al\u00e1bbi \u0171rlap kit\u00f6lt\u00e9s\u00e9vel <\/span><\/span><\/span><span style=\"color: #0563c1;\"><u><a href=\"https:\/\/docs.google.com\/forms\/d\/e\/1FAIpQLScU_wnTjttpZAlyascHTg2ud9KG0GK8UeIBTBR7I_zuFh8usA\/viewform?usp=preview\" target=\"_top\" rel=\"noopener\"><span style=\"font-size: medium;\"><span lang=\"hu-HU\">https:\/\/docs.google.com\/forms\/d\/e\/1FAIpQLScU_wnTjttpZAlyascHTg2ud9KG0GK8UeIBTBR7I_zuFh8usA\/viewform?usp=preview<\/span><\/span><\/a><\/u><\/span><span style=\"color: #000000;\"><span style=\"font-size: medium;\"><span lang=\"hu-HU\"> illetve a 0731 013293-as telefonsz\u00e1mon vagy a <\/span><\/span><\/span><a href=\"mailto:salamulticulturala@bjc.ro\" target=\"_top\" rel=\"noopener\"><span style=\"color: #0000ff;\"><span style=\"font-size: medium;\"><span lang=\"hu-HU\"><u>salamulticulturala@bjc.ro<\/u><\/span><\/span><\/span><\/a><span style=\"color: #000000;\"><span style=\"font-size: medium;\"><span lang=\"hu-HU\"> e-mail-c\u00edmen jelentkezhetnek.<\/span><\/span><\/span><\/p>\n<p lang=\"hu-HU\" align=\"justify\"><span style=\"color: #000000;\"><span style=\"font-size: medium;\">A tal\u00e1lkoz\u00e1sokra a K\u00f6nyvt\u00e1r Doroban\u021bilor u. 104. sz. alatti k\u00f6zponti \u00e9p\u00fclet\u00e9nek Multikultur\u00e1lis r\u00e9szleg\u00e9n, a nyugati sz\u00e1rny 3. emelet\u00e9n ker\u00fcl sor. <\/span><\/span><\/p>\n<p lang=\"hu-HU\" align=\"justify\"><span style=\"color: #000000;\"><span style=\"font-size: medium;\">Szeretettel v\u00e1rjuk!<\/span><\/span><\/p>\n<p lang=\"hu-HU\">&#8211;<\/p>\n<p align=\"justify\"><span style=\"font-size: medium;\"><span lang=\"hu-HU\">Relans\u0103m Clubul de lectur\u0103 \u201eB\u0103t\u0103lia C\u0103r\u021bilor\u201d destinat adul\u021bilor pasiona\u021bi de lectur\u0103, sec\u021biunea \u00een limba maghiar<\/span><\/span><span style=\"font-size: medium;\"><span lang=\"ro-RO\">\u0103<\/span><\/span><span style=\"font-size: medium;\"><span lang=\"hu-HU\">!<\/span><\/span><\/p>\n<p align=\"justify\"><span style=\"font-size: medium;\"><span lang=\"fr-FR\">Prima \u00eent\u00e2lnire, din acest an, a Clubului va avea loc <\/span><\/span><span style=\"font-size: medium;\"><span lang=\"fr-FR\"><b>miercuri, 25 martie 2026, de la ora 14.00<\/b><\/span><\/span><span style=\"font-size: medium;\"><span lang=\"fr-FR\">. Pentru aceast\u0103 \u00eent\u00e2lnire, participan\u021bii trebuie s\u0103 lectureze cel pu\u021bin una dintre urm\u0103toarele dou\u0103 c\u0103r\u021bi: \u201e<\/span><\/span><span style=\"font-size: medium;\"><span lang=\"hu-HU\">Olvad\u00e1s<\/span><\/span><span style=\"font-size: medium;\"><span lang=\"fr-FR\">\u201d de Kiss Tibor No\u00e9 \u0219i \u201e\u00daj\u00e9v\u201d de Juli Zeh, pentru a putea dezbate \u0219i \u00eemp\u0103r\u021b\u0103\u0219i impresiile de pe urma lecturii.<\/span><\/span><\/p>\n<p align=\"justify\"><span style=\"font-size: medium;\"><span lang=\"fr-FR\">C<\/span><\/span><span style=\"font-size: medium;\"><span lang=\"fr-FR\">\u0103<\/span><\/span><span style=\"font-size: medium;\"><span lang=\"fr-FR\">r<\/span><\/span><span style=\"font-size: medium;\"><span lang=\"fr-FR\">\u021bile<\/span><\/span><span style=\"font-size: medium;\"><span lang=\"fr-FR\"> se po<\/span><\/span><span style=\"font-size: medium;\"><span lang=\"fr-FR\">t<\/span><\/span><span style=\"font-size: medium;\"><span lang=\"fr-FR\"> \u00eemprumuta de la S<\/span><\/span><span style=\"font-size: medium;\"><span lang=\"fr-FR\">ala multicultural\u0103<\/span><\/span><span style=\"font-size: medium;\"><span lang=\"fr-FR\">, etajul 3 <\/span><\/span><span style=\"font-size: medium;\"><span lang=\"fr-FR\">v<\/span><\/span><span style=\"font-size: medium;\"><span lang=\"fr-FR\">est.<\/span><\/span><\/p>\n<p align=\"justify\"><span style=\"font-size: medium;\"><span lang=\"fr-FR\">Cei interesa\u021bi s\u0103 fac\u0103 parte din acest club, s\u0103 lectureze cele 10 c\u0103r\u021bi incluse \u00een lista din acest an \u0219i s\u0103 participe la dezbaterile lunare, sunt invita\u021bi s\u0103 se \u00eenscrie <a href=\"https:\/\/docs.google.com\/forms\/d\/e\/1FAIpQLScU_wnTjttpZAlyascHTg2ud9KG0GK8UeIBTBR7I_zuFh8usA\/viewform?usp=preview\">aici <\/a><\/span><\/span><span style=\"font-size: medium;\"><span lang=\"fr-FR\">sau prin telefon la: <\/span><\/span><span style=\"color: #000000;\"><span style=\"font-size: medium;\"><span lang=\"hu-HU\">0731 013293 <\/span><\/span><\/span><span style=\"font-size: medium;\"><span lang=\"fr-FR\">sau e-mail la: <\/span><\/span><a href=\"mailto:salamulticulturala@bjc.ro\" target=\"_top\" rel=\"noopener\"><span style=\"color: #000080;\"><span style=\"font-size: medium;\"><span lang=\"hu-HU\"><u>salamulticulturala@bjc.ro<\/u><\/span><\/span><\/span><\/a><span style=\"color: #0000ff;\"><span style=\"font-size: medium;\"><span lang=\"hu-HU\"><u>.<\/u><\/span><\/span><\/span><\/p>\n<p align=\"justify\"><span style=\"font-size: medium;\"><span lang=\"fr-FR\">Ne vom \u00eent\u00e2lni la sediul central al bibliotecii, Calea Doroban\u021bilor nr. 104, la Sala <\/span><\/span><span style=\"font-size: medium;\"><span lang=\"fr-FR\">multicultural\u0103<\/span><\/span><span style=\"font-size: medium;\"><span lang=\"fr-FR\">, etajul <\/span><\/span><span style=\"font-size: medium;\"><span lang=\"fr-FR\">3<\/span><\/span> <span style=\"font-size: medium;\"><span lang=\"fr-FR\">v<\/span><\/span><span style=\"font-size: medium;\"><span lang=\"fr-FR\">est.<\/span><\/span><\/p>\n","protected":false},"excerpt":{"rendered":"<p>\u00dajraindul k\u00f6nyvbar\u00e1toknak a \u201eK\u00f6nyvek Viadala\u201d feln\u0151tteknek sz\u00f3l\u00f3 olvas\u00f3klub magyar nyelven! Id\u00e9n az els\u0151 tal\u00e1lkoz\u00e1sra 2026. m\u00e1rcius 25-\u00e9n, szerd\u00e1n ker\u00fcl sor 14.00 \u00f3r\u00e1t\u00f3l. Ahhoz, hogy az elolvas\u00e1sra aj\u00e1nlott m\u0171vekkel kapcsolatos olvasm\u00e1ny\u00e9lm\u00e9nyeket &hellip; <\/p>\n<div class=\"link-more\"><a href=\"https:\/\/blogbjc.bjc.ro\/?tribe_events=batalia-cartilor-club-de-lectura-destinat-adultilor-sectiunea-in-limba-maghiara-3\" class=\"more-link\">Read More<span class=\"screen-reader-text\"> &#8222;\u201eB\u0103t\u0103lia C\u0103r\u021bilor\u201d &#8211; Club de lectur\u0103 destinat adul\u021bilor, sec\u021biunea \u00een limba maghiar\u0103&#8221;<\/span><\/a><\/div>\n","protected":false},"author":2,"featured_media":8659,"template":"","meta":{"_tribe_events_status":"","_tribe_events_status_reason":"","footnotes":""},"tags":[],"tribe_events_cat":[466],"class_list":["post-8658","tribe_events","type-tribe_events","status-publish","has-post-thumbnail","hentry","tribe_events_cat-club-de-lectura","cat_club-de-lectura"],"_links":{"self":[{"href":"https:\/\/blogbjc.bjc.ro\/index.php?rest_route=\/wp\/v2\/tribe_events\/8658","targetHints":{"allow":["GET"]}}],"collection":[{"href":"https:\/\/blogbjc.bjc.ro\/index.php?rest_route=\/wp\/v2\/tribe_events"}],"about":[{"href":"https:\/\/blogbjc.bjc.ro\/index.php?rest_route=\/wp\/v2\/types\/tribe_events"}],"author":[{"embeddable":true,"href":"https:\/\/blogbjc.bjc.ro\/index.php?rest_route=\/wp\/v2\/users\/2"}],"version-history":[{"count":1,"href":"https:\/\/blogbjc.bjc.ro\/index.php?rest_route=\/wp\/v2\/tribe_events\/8658\/revisions"}],"predecessor-version":[{"id":8660,"href":"https:\/\/blogbjc.bjc.ro\/index.php?rest_route=\/wp\/v2\/tribe_events\/8658\/revisions\/8660"}],"wp:featuredmedia":[{"embeddable":true,"href":"https:\/\/blogbjc.bjc.ro\/index.php?rest_route=\/wp\/v2\/media\/8659"}],"wp:attachment":[{"href":"https:\/\/blogbjc.bjc.ro\/index.php?rest_route=%2Fwp%2Fv2%2Fmedia&parent=8658"}],"wp:term":[{"taxonomy":"post_tag","embeddable":true,"href":"https:\/\/blogbjc.bjc.ro\/index.php?rest_route=%2Fwp%2Fv2%2Ftags&post=8658"},{"taxonomy":"tribe_events_cat","embeddable":true,"href":"https:\/\/blogbjc.bjc.ro\/index.php?rest_route=%2Fwp%2Fv2%2Ftribe_events_cat&post=8658"}],"curies":[{"name":"wp","href":"https:\/\/api.w.org\/{rel}","templated":true}]}}